{"id":4482,"date":"2023-07-11T14:24:54","date_gmt":"2023-07-11T12:24:54","guid":{"rendered":"https:\/\/www.davidpurves.com\/collections\/shop-demos\/faye\/"},"modified":"2025-09-16T13:08:22","modified_gmt":"2025-09-16T11:08:22","slug":"robe-de-mariee-faye","status":"publish","type":"page","link":"https:\/\/www.davidpurves.com\/en\/collections\/shop-demos\/robe-de-mariee-faye\/","title":{"rendered":"Robe de mari\u00e9e Faye"},"content":{"rendered":"\n  <div id=\"page-header-1028856123\" class=\"page-header-wrapper\">\n  <div class=\"page-title light simple-title\">\n\n    \n    <div class=\"page-title-inner container align-top flex-row medium-flex-wrap row-reverse\" >\n            <div class=\"title-content flex-col flex-left text-left medium-text-center\">\n        <div class=\"title-breadcrumbs pb-half pt-half\"><nav class=\"woocommerce-breadcrumb breadcrumbs \" aria-label=\"Breadcrumb\">Home<\/nav><\/div>      <\/div>\n    <\/div>\n\n     \n<style>\n#page-header-1028856123 .page-title-inner {\n  min-height: 0px;\n}\n#page-header-1028856123 .title-overlay {\n  background-color: rgb(255, 255, 255);\n}\n<\/style>\n  <\/div>\n    <\/div>\n  \n\n\n  \n    <div class=\"row large-columns-3 medium-columns- small-columns-2 row-xsmall row-full-width slider row-slider slider-nav-circle slider-nav-light slider-nav-push\"  data-flickity-options='{&quot;imagesLoaded&quot;: true, &quot;groupCells&quot;: &quot;100%&quot;, &quot;dragThreshold&quot; : 5, &quot;cellAlign&quot;: &quot;left&quot;,&quot;wrapAround&quot;: true,&quot;prevNextButtons&quot;: true,&quot;percentPosition&quot;: true,&quot;pageDots&quot;: false, &quot;rightToLeft&quot;: false, &quot;autoPlay&quot; : false}' >\n\n  <div class=\"gallery-col col\" >\n          <div class=\"col-inner\">\n            <a class=\"image-lightbox lightbox-gallery\" href=\"https:\/\/i0.wp.com\/www.davidpurves.com\/wp-content\/uploads\/2023\/07\/robe-de-mariee-col-americain-faye-1.png?ssl=1\" title=\"\">            <div class=\"box has-hover gallery-box box-normal\">\n              <div class=\"box-image\" >\n                <img data-recalc-dims=\"1\" loading=\"lazy\" decoding=\"async\" width=\"1020\" height=\"1276\" src=\"https:\/\/i0.wp.com\/www.davidpurves.com\/wp-content\/uploads\/2023\/07\/robe-de-mariee-col-americain-faye-1.png?resize=1020%2C1276&#038;ssl=1\" class=\"attachment-original size-original\" alt=\"Robe de mari\u00e9e col am\u00e9ricain \u00e9pur\u00e9e port\u00e9e par un mannequin Stockman photographi\u00e9 de face.\" ids=\"786,788,791\" style=\"normal\" lightbox_image_size=\"original\" type=\"slider\" col_spacing=\"xsmall\" columns=\"3\" slider_nav_style=\"circle\" slider_nav_color=\"light\" image_size=\"original\" \/>                                                              <\/div>\n              <div class=\"box-text text-left\" >\n                 <p><\/p>\n              <\/div>\n            <\/div>\n            <\/a>          <\/div>\n         <\/div><div class=\"gallery-col col\" >\n          <div class=\"col-inner\">\n            <a class=\"image-lightbox lightbox-gallery\" href=\"https:\/\/i0.wp.com\/www.davidpurves.com\/wp-content\/uploads\/2023\/07\/robe-de-mariee-col-americain-faye-2.png?ssl=1\" title=\"\">            <div class=\"box has-hover gallery-box box-normal\">\n              <div class=\"box-image\" >\n                <img data-recalc-dims=\"1\" loading=\"lazy\" decoding=\"async\" width=\"1020\" height=\"1274\" src=\"https:\/\/i0.wp.com\/www.davidpurves.com\/wp-content\/uploads\/2023\/07\/robe-de-mariee-col-americain-faye-2.png?resize=1020%2C1274&#038;ssl=1\" class=\"attachment-original size-original\" alt=\"Robe de mari\u00e9e col am\u00e9ricain \u00e9pur\u00e9e port\u00e9e par un mannequin Stockman photographi\u00e9 de profil.\" ids=\"786,788,791\" style=\"normal\" lightbox_image_size=\"original\" type=\"slider\" col_spacing=\"xsmall\" columns=\"3\" slider_nav_style=\"circle\" slider_nav_color=\"light\" image_size=\"original\" \/>                                                              <\/div>\n              <div class=\"box-text text-left\" >\n                 <p><\/p>\n              <\/div>\n            <\/div>\n            <\/a>          <\/div>\n         <\/div><div class=\"gallery-col col\" >\n          <div class=\"col-inner\">\n            <a class=\"image-lightbox lightbox-gallery\" href=\"https:\/\/i0.wp.com\/www.davidpurves.com\/wp-content\/uploads\/2023\/07\/robe-de-mariee-col-americain-faye-4.png?ssl=1\" title=\"\">            <div class=\"box has-hover gallery-box box-normal\">\n              <div class=\"box-image\" >\n                <img data-recalc-dims=\"1\" loading=\"lazy\" decoding=\"async\" width=\"1020\" height=\"1274\" src=\"https:\/\/i0.wp.com\/www.davidpurves.com\/wp-content\/uploads\/2023\/07\/robe-de-mariee-col-americain-faye-4.png?resize=1020%2C1274&#038;ssl=1\" class=\"attachment-original size-original\" alt=\"Robe de mari\u00e9e col am\u00e9ricain avec un dos nu vertigineux port\u00e9e par un mannequin Stockman photographi\u00e9 de dos.\" ids=\"786,788,791\" style=\"normal\" lightbox_image_size=\"original\" type=\"slider\" col_spacing=\"xsmall\" columns=\"3\" slider_nav_style=\"circle\" slider_nav_color=\"light\" image_size=\"original\" \/>                                                              <\/div>\n              <div class=\"box-text text-left\" >\n                 <p><\/p>\n              <\/div>\n            <\/div>\n            <\/a>          <\/div>\n         <\/div><\/div>\n\n<div class=\"row\"  id=\"row-1114586419\">\n\n\n\t<div id=\"col-1139263373\" class=\"col medium-10 small-12 large-10\"  >\n\t\t\t\t<div class=\"col-inner\"  >\n\t\t\t\n\t\t\t\n\n\t<div id=\"text-2632325137\" class=\"text\">\n\t\t\n\n<h1>Robe de mari\u00e9e Faye<\/h1>\n\t\t\n<style>\n#text-2632325137 {\n  text-align: center;\n}\n<\/style>\n\t<\/div>\n\t\n\t<div id=\"text-1061481232\" class=\"text\">\n\t\t\n\n<h2 class=\"thin-font\">Robe de mari\u00e9e col am\u00e9ricain<\/h2>\n\t\t\n<style>\n#text-1061481232 {\n  font-size: 0.75rem;\n  text-align: center;\n}\n<\/style>\n\t<\/div>\n\t\n\t<div id=\"gap-158926990\" class=\"gap-element clearfix\" style=\"display:block; height:auto;\">\n\t\t\n<style>\n#gap-158926990 {\n  padding-top: 30px;\n}\n<\/style>\n\t<\/div>\n\t\n\n<p data-start=\"0\" data-end=\"381\">La robe Faye incarne l&#8217;\u00e9l\u00e9gance et la modernit\u00e9 d\u2019une robe de mari\u00e9e col am\u00e9ricain, confectionn\u00e9e en cr\u00eape de soie. Son dos nu vertigineux cr\u00e9e un contraste parfait avec la silhouette \u00e9pur\u00e9e de la robe. Avec son design sans manches, elle d\u00e9voile une encolure am\u00e9ricaine subtilement chic qui met en valeur le port de t\u00eate.<\/p>\n<p data-start=\"383\" data-end=\"738\">La taille de la robe Faye est d\u00e9licatement ceintur\u00e9e, accentuant la finesse de la silhouette avant que la jupe ne s\u2019\u00e9vasent gracieusement vers le bas. De petits boutons recouverts ajoutent un d\u00e9tail discret mais sophistiqu\u00e9. Ces lignes \u00e9pur\u00e9es et modernes donnent donc \u00e0 cette robe de mari\u00e9e col am\u00e9ricain une allure intemporelle, \u00e0 la fois simple et \u00e9l\u00e9gante.<\/p>\n<p data-start=\"740\" data-end=\"1030\">Chaque mod\u00e8le peut \u00eatre personnalis\u00e9 selon vos envies. Vous pouvez ajuster le col, le dos, la ceinture, le tissu ou m\u00eame ajouter une fente, selon votre style et vos pr\u00e9f\u00e9rences. Nous pouvons confectionner cette robe de mari\u00e9e en satin de soie, par exemple. Notre atelier a imagin\u00e9 cette robe pour s&#8217;adapter parfaitement \u00e0 votre personnalit\u00e9, tout en conservant son caract\u00e8re unique.<\/p>\n<p data-start=\"1032\" data-end=\"1350\" data-is-last-node=\"\" data-is-only-node=\"\">Tous nos mod\u00e8les, y compris la robe Faye, sont r\u00e9alis\u00e9s sur commande et confectionn\u00e9s individuellement dans notre atelier parisien. Cela garantit ainsi une pi\u00e8ce unique qui vous ressemble.<\/p>\n<p data-start=\"1032\" data-end=\"1350\" data-is-last-node=\"\" data-is-only-node=\"\">Pour d\u00e9couvrir notre univers, notre <a href=\"https:\/\/www.davidpurves.com\/en\/robes-de-mariee-uniques-sur-mesure\/\">savoir-faire<\/a> et explorer notre collection de robes de mari\u00e9e, rendez-vous sur notre compte <a href=\"https:\/\/www.instagram.com\/david_purves\/\">Instagram<\/a>.<\/p>\n\n\t\t<\/div>\n\t\t\t\t\t<\/div>\n\n\t\n\n\t<div id=\"col-1821567178\" class=\"col medium-2 small-12 large-2\"  >\n\t\t\t\t<div class=\"col-inner\"  >\n\t\t\t\n\t\t\t\n\n<div class=\"social-icons share-icons share-row relative full-width text-center\" style=\"font-size:64%\"><a href=\"whatsapp:\/\/send?text=Robe%20de%20mari%C3%A9e%20Faye - https:\/\/www.davidpurves.com\/en\/collections\/shop-demos\/robe-de-mariee-faye\/\" data-action=\"share\/whatsapp\/share\" class=\"icon button circle is-outline tooltip whatsapp show-for-medium\" title=\"Share on WhatsApp\" aria-label=\"Share on WhatsApp\"><i class=\"icon-whatsapp\" aria-hidden=\"true\"><\/i><\/a><a href=\"https:\/\/www.facebook.com\/sharer.php?u=https:\/\/www.davidpurves.com\/en\/collections\/shop-demos\/robe-de-mariee-faye\/\" data-label=\"Facebook\" onclick=\"window.open(this.href,this.title,'width=500,height=500,top=300px,left=300px'); return false;\" target=\"_blank\" class=\"icon button circle is-outline tooltip facebook\" title=\"Share on Facebook\" aria-label=\"Share on Facebook\" rel=\"noopener nofollow\"><i class=\"icon-facebook\" aria-hidden=\"true\"><\/i><\/a><a href=\"mailto:?subject=Robe%20de%20mari%C3%A9e%20Faye&body=Check%20this%20out%3A%20https%3A%2F%2Fwww.davidpurves.com%2Fen%2Fcollections%2Fshop-demos%2Frobe-de-mariee-faye%2F\" class=\"icon button circle is-outline tooltip email\" title=\"Email to a Friend\" aria-label=\"Email to a Friend\" rel=\"nofollow\"><i class=\"icon-envelop\" aria-hidden=\"true\"><\/i><\/a><a href=\"https:\/\/pinterest.com\/pin\/create\/button?url=https:\/\/www.davidpurves.com\/en\/collections\/shop-demos\/robe-de-mariee-faye\/&media=https:\/\/i0.wp.com\/www.davidpurves.com\/wp-content\/uploads\/2023\/07\/robe-de-mariee-col-americain-faye-1.png?fit=640%2C800&ssl=1&description=Robe%20de%20mari%C3%A9e%20Faye\" onclick=\"window.open(this.href,this.title,'width=500,height=500,top=300px,left=300px'); return false;\" target=\"_blank\" class=\"icon button circle is-outline tooltip pinterest\" title=\"Pin on Pinterest\" aria-label=\"Pin on Pinterest\" rel=\"noopener nofollow\"><i class=\"icon-pinterest\" aria-hidden=\"true\"><\/i><\/a><\/div>\n\n\n\t\t<\/div>\n\t\t\t\t\t<\/div>\n\n\t\n\n<\/div>\n\n","protected":false},"excerpt":{"rendered":"","protected":false},"author":2,"featured_media":2063,"parent":4452,"menu_order":70,"comment_status":"closed","ping_status":"closed","template":"page-blank.php","meta":{"footnotes":""},"class_list":["post-4482","page","type-page","status-publish","has-post-thumbnail","hentry"],"yoast_head":"<!-- This site is optimized with the Yoast SEO plugin v27.5 - https:\/\/yoast.com\/product\/yoast-seo-wordpress\/ -->\n<title>Robe de mari\u00e9e col am\u00e9ricain et dos nu - mod\u00e8le Faye -Paris<\/title>\n<meta name=\"description\" content=\"La robe Faye est une robe de mari\u00e9e col am\u00e9ricain confectionn\u00e9e en cr\u00eape de soie, avec une encolure am\u00e9ricaine et la taille ceintur\u00e9e\" \/>\n<meta name=\"robots\" content=\"index, follow, max-snippet:-1, max-image-preview:large, max-video-preview:-1\" \/>\n<link rel=\"canonical\" href=\"https:\/\/www.davidpurves.com\/en\/collections\/shop-demos\/robe-de-mariee-faye\/\" \/>\n<meta property=\"og:locale\" content=\"en_US\" \/>\n<meta property=\"og:type\" content=\"article\" \/>\n<meta property=\"og:title\" content=\"Robe de mari\u00e9e col am\u00e9ricain et dos nu - mod\u00e8le Faye -Paris\" \/>\n<meta property=\"og:description\" content=\"La robe Faye est une robe de mari\u00e9e col am\u00e9ricain confectionn\u00e9e en cr\u00eape de soie, avec une encolure am\u00e9ricaine et la taille ceintur\u00e9e\" \/>\n<meta property=\"og:url\" content=\"https:\/\/www.davidpurves.com\/en\/collections\/shop-demos\/robe-de-mariee-faye\/\" \/>\n<meta property=\"og:site_name\" content=\"David Purves - Cr\u00e9ateur de robe de mari\u00e9e sur mesure Paris\" \/>\n<meta property=\"article:publisher\" content=\"https:\/\/www.facebook.com\/david.purves.524\/\" \/>\n<meta property=\"article:modified_time\" content=\"2025-09-16T11:08:22+00:00\" \/>\n<meta property=\"og:image\" content=\"https:\/\/www.davidpurves.com\/wp-content\/uploads\/2023\/07\/robe-de-mariee-faye-1-640x800.png\" \/>\n\t<meta property=\"og:image:width\" content=\"640\" \/>\n\t<meta property=\"og:image:height\" content=\"800\" \/>\n\t<meta property=\"og:image:type\" content=\"image\/png\" \/>\n<meta name=\"twitter:card\" content=\"summary_large_image\" \/>\n<meta name=\"twitter:label1\" content=\"Est. reading time\" \/>\n\t<meta name=\"twitter:data1\" content=\"2 minutes\" \/>\n<script type=\"application\/ld+json\" class=\"yoast-schema-graph\">{\"@context\":\"https:\\\/\\\/schema.org\",\"@graph\":[{\"@type\":\"WebPage\",\"@id\":\"https:\\\/\\\/www.davidpurves.com\\\/en\\\/collections\\\/shop-demos\\\/robe-de-mariee-faye\\\/\",\"url\":\"https:\\\/\\\/www.davidpurves.com\\\/en\\\/collections\\\/shop-demos\\\/robe-de-mariee-faye\\\/\",\"name\":\"Robe de mari\u00e9e col am\u00e9ricain et dos nu - mod\u00e8le Faye -Paris\",\"isPartOf\":{\"@id\":\"https:\\\/\\\/www.davidpurves.com\\\/en\\\/#website\"},\"primaryImageOfPage\":{\"@id\":\"https:\\\/\\\/www.davidpurves.com\\\/en\\\/collections\\\/shop-demos\\\/robe-de-mariee-faye\\\/#primaryimage\"},\"image\":{\"@id\":\"https:\\\/\\\/www.davidpurves.com\\\/en\\\/collections\\\/shop-demos\\\/robe-de-mariee-faye\\\/#primaryimage\"},\"thumbnailUrl\":\"https:\\\/\\\/i0.wp.com\\\/www.davidpurves.com\\\/wp-content\\\/uploads\\\/2023\\\/07\\\/robe-de-mariee-col-americain-faye-1.png?fit=1132%2C1416&ssl=1\",\"datePublished\":\"2023-07-11T12:24:54+00:00\",\"dateModified\":\"2025-09-16T11:08:22+00:00\",\"description\":\"La robe Faye est une robe de mari\u00e9e col am\u00e9ricain confectionn\u00e9e en cr\u00eape de soie, avec une encolure am\u00e9ricaine et la taille ceintur\u00e9e\",\"breadcrumb\":{\"@id\":\"https:\\\/\\\/www.davidpurves.com\\\/en\\\/collections\\\/shop-demos\\\/robe-de-mariee-faye\\\/#breadcrumb\"},\"inLanguage\":\"en-US\",\"potentialAction\":[{\"@type\":\"ReadAction\",\"target\":[\"https:\\\/\\\/www.davidpurves.com\\\/en\\\/collections\\\/shop-demos\\\/robe-de-mariee-faye\\\/\"]}]},{\"@type\":\"ImageObject\",\"inLanguage\":\"en-US\",\"@id\":\"https:\\\/\\\/www.davidpurves.com\\\/en\\\/collections\\\/shop-demos\\\/robe-de-mariee-faye\\\/#primaryimage\",\"url\":\"https:\\\/\\\/i0.wp.com\\\/www.davidpurves.com\\\/wp-content\\\/uploads\\\/2023\\\/07\\\/robe-de-mariee-col-americain-faye-1.png?fit=1132%2C1416&ssl=1\",\"contentUrl\":\"https:\\\/\\\/i0.wp.com\\\/www.davidpurves.com\\\/wp-content\\\/uploads\\\/2023\\\/07\\\/robe-de-mariee-col-americain-faye-1.png?fit=1132%2C1416&ssl=1\",\"width\":1132,\"height\":1416,\"caption\":\"Robe de mari\u00e9e col am\u00e9ricain \u00e9pur\u00e9e port\u00e9e par un mannequin Stockman photographi\u00e9 de face.\"},{\"@type\":\"BreadcrumbList\",\"@id\":\"https:\\\/\\\/www.davidpurves.com\\\/en\\\/collections\\\/shop-demos\\\/robe-de-mariee-faye\\\/#breadcrumb\",\"itemListElement\":[{\"@type\":\"ListItem\",\"position\":1,\"name\":\"Accueil\",\"item\":\"https:\\\/\\\/www.davidpurves.com\\\/en\\\/\"},{\"@type\":\"ListItem\",\"position\":2,\"name\":\"Wedding dresses\",\"item\":\"https:\\\/\\\/www.davidpurves.com\\\/en\\\/collections\\\/\"},{\"@type\":\"ListItem\",\"position\":3,\"name\":\"Collection Les Classiques\",\"item\":\"https:\\\/\\\/www.davidpurves.com\\\/en\\\/collections\\\/shop-demos\\\/\"},{\"@type\":\"ListItem\",\"position\":4,\"name\":\"Robe de mari\u00e9e Faye\"}]},{\"@type\":\"WebSite\",\"@id\":\"https:\\\/\\\/www.davidpurves.com\\\/en\\\/#website\",\"url\":\"https:\\\/\\\/www.davidpurves.com\\\/en\\\/\",\"name\":\"David Purves - Cr\u00e9ateur de robe de mari\u00e9e sur mesure Paris\",\"description\":\"\",\"publisher\":{\"@id\":\"https:\\\/\\\/www.davidpurves.com\\\/en\\\/#organization\"},\"potentialAction\":[{\"@type\":\"SearchAction\",\"target\":{\"@type\":\"EntryPoint\",\"urlTemplate\":\"https:\\\/\\\/www.davidpurves.com\\\/en\\\/?s={search_term_string}\"},\"query-input\":{\"@type\":\"PropertyValueSpecification\",\"valueRequired\":true,\"valueName\":\"search_term_string\"}}],\"inLanguage\":\"en-US\"},{\"@type\":\"Organization\",\"@id\":\"https:\\\/\\\/www.davidpurves.com\\\/en\\\/#organization\",\"name\":\"David Purves - Cr\u00e9ateur de robe de mari\u00e9e sur mesure Paris\",\"url\":\"https:\\\/\\\/www.davidpurves.com\\\/en\\\/\",\"logo\":{\"@type\":\"ImageObject\",\"inLanguage\":\"en-US\",\"@id\":\"https:\\\/\\\/www.davidpurves.com\\\/en\\\/#\\\/schema\\\/logo\\\/image\\\/\",\"url\":\"https:\\\/\\\/i0.wp.com\\\/www.davidpurves.com\\\/wp-content\\\/uploads\\\/2023\\\/06\\\/Header_2.png?fit=480%2C99&ssl=1\",\"contentUrl\":\"https:\\\/\\\/i0.wp.com\\\/www.davidpurves.com\\\/wp-content\\\/uploads\\\/2023\\\/06\\\/Header_2.png?fit=480%2C99&ssl=1\",\"width\":480,\"height\":99,\"caption\":\"David Purves - Cr\u00e9ateur de robe de mari\u00e9e sur mesure Paris\"},\"image\":{\"@id\":\"https:\\\/\\\/www.davidpurves.com\\\/en\\\/#\\\/schema\\\/logo\\\/image\\\/\"},\"sameAs\":[\"https:\\\/\\\/www.facebook.com\\\/david.purves.524\\\/\",\"https:\\\/\\\/www.instagram.com\\\/david_purves\\\/?hl=fr\"]}]}<\/script>\n<!-- \/ Yoast SEO plugin. -->","yoast_head_json":{"title":"Robe de mari\u00e9e col am\u00e9ricain et dos nu - mod\u00e8le Faye -Paris","description":"La robe Faye est une robe de mari\u00e9e col am\u00e9ricain confectionn\u00e9e en cr\u00eape de soie, avec une encolure am\u00e9ricaine et la taille ceintur\u00e9e","robots":{"index":"index","follow":"follow","max-snippet":"max-snippet:-1","max-image-preview":"max-image-preview:large","max-video-preview":"max-video-preview:-1"},"canonical":"https:\/\/www.davidpurves.com\/en\/collections\/shop-demos\/robe-de-mariee-faye\/","og_locale":"en_US","og_type":"article","og_title":"Robe de mari\u00e9e col am\u00e9ricain et dos nu - mod\u00e8le Faye -Paris","og_description":"La robe Faye est une robe de mari\u00e9e col am\u00e9ricain confectionn\u00e9e en cr\u00eape de soie, avec une encolure am\u00e9ricaine et la taille ceintur\u00e9e","og_url":"https:\/\/www.davidpurves.com\/en\/collections\/shop-demos\/robe-de-mariee-faye\/","og_site_name":"David Purves - Cr\u00e9ateur de robe de mari\u00e9e sur mesure Paris","article_publisher":"https:\/\/www.facebook.com\/david.purves.524\/","article_modified_time":"2025-09-16T11:08:22+00:00","og_image":[{"width":640,"height":800,"url":"https:\/\/www.davidpurves.com\/wp-content\/uploads\/2023\/07\/robe-de-mariee-faye-1-640x800.png","type":"image\/png"}],"twitter_card":"summary_large_image","twitter_misc":{"Est. reading time":"2 minutes"},"schema":{"@context":"https:\/\/schema.org","@graph":[{"@type":"WebPage","@id":"https:\/\/www.davidpurves.com\/en\/collections\/shop-demos\/robe-de-mariee-faye\/","url":"https:\/\/www.davidpurves.com\/en\/collections\/shop-demos\/robe-de-mariee-faye\/","name":"Robe de mari\u00e9e col am\u00e9ricain et dos nu - mod\u00e8le Faye -Paris","isPartOf":{"@id":"https:\/\/www.davidpurves.com\/en\/#website"},"primaryImageOfPage":{"@id":"https:\/\/www.davidpurves.com\/en\/collections\/shop-demos\/robe-de-mariee-faye\/#primaryimage"},"image":{"@id":"https:\/\/www.davidpurves.com\/en\/collections\/shop-demos\/robe-de-mariee-faye\/#primaryimage"},"thumbnailUrl":"https:\/\/i0.wp.com\/www.davidpurves.com\/wp-content\/uploads\/2023\/07\/robe-de-mariee-col-americain-faye-1.png?fit=1132%2C1416&ssl=1","datePublished":"2023-07-11T12:24:54+00:00","dateModified":"2025-09-16T11:08:22+00:00","description":"La robe Faye est une robe de mari\u00e9e col am\u00e9ricain confectionn\u00e9e en cr\u00eape de soie, avec une encolure am\u00e9ricaine et la taille ceintur\u00e9e","breadcrumb":{"@id":"https:\/\/www.davidpurves.com\/en\/collections\/shop-demos\/robe-de-mariee-faye\/#breadcrumb"},"inLanguage":"en-US","potentialAction":[{"@type":"ReadAction","target":["https:\/\/www.davidpurves.com\/en\/collections\/shop-demos\/robe-de-mariee-faye\/"]}]},{"@type":"ImageObject","inLanguage":"en-US","@id":"https:\/\/www.davidpurves.com\/en\/collections\/shop-demos\/robe-de-mariee-faye\/#primaryimage","url":"https:\/\/i0.wp.com\/www.davidpurves.com\/wp-content\/uploads\/2023\/07\/robe-de-mariee-col-americain-faye-1.png?fit=1132%2C1416&ssl=1","contentUrl":"https:\/\/i0.wp.com\/www.davidpurves.com\/wp-content\/uploads\/2023\/07\/robe-de-mariee-col-americain-faye-1.png?fit=1132%2C1416&ssl=1","width":1132,"height":1416,"caption":"Robe de mari\u00e9e col am\u00e9ricain \u00e9pur\u00e9e port\u00e9e par un mannequin Stockman photographi\u00e9 de face."},{"@type":"BreadcrumbList","@id":"https:\/\/www.davidpurves.com\/en\/collections\/shop-demos\/robe-de-mariee-faye\/#breadcrumb","itemListElement":[{"@type":"ListItem","position":1,"name":"Accueil","item":"https:\/\/www.davidpurves.com\/en\/"},{"@type":"ListItem","position":2,"name":"Wedding dresses","item":"https:\/\/www.davidpurves.com\/en\/collections\/"},{"@type":"ListItem","position":3,"name":"Collection Les Classiques","item":"https:\/\/www.davidpurves.com\/en\/collections\/shop-demos\/"},{"@type":"ListItem","position":4,"name":"Robe de mari\u00e9e Faye"}]},{"@type":"WebSite","@id":"https:\/\/www.davidpurves.com\/en\/#website","url":"https:\/\/www.davidpurves.com\/en\/","name":"David Purves - Cr\u00e9ateur de robe de mari\u00e9e sur mesure Paris","description":"","publisher":{"@id":"https:\/\/www.davidpurves.com\/en\/#organization"},"potentialAction":[{"@type":"SearchAction","target":{"@type":"EntryPoint","urlTemplate":"https:\/\/www.davidpurves.com\/en\/?s={search_term_string}"},"query-input":{"@type":"PropertyValueSpecification","valueRequired":true,"valueName":"search_term_string"}}],"inLanguage":"en-US"},{"@type":"Organization","@id":"https:\/\/www.davidpurves.com\/en\/#organization","name":"David Purves - Cr\u00e9ateur de robe de mari\u00e9e sur mesure Paris","url":"https:\/\/www.davidpurves.com\/en\/","logo":{"@type":"ImageObject","inLanguage":"en-US","@id":"https:\/\/www.davidpurves.com\/en\/#\/schema\/logo\/image\/","url":"https:\/\/i0.wp.com\/www.davidpurves.com\/wp-content\/uploads\/2023\/06\/Header_2.png?fit=480%2C99&ssl=1","contentUrl":"https:\/\/i0.wp.com\/www.davidpurves.com\/wp-content\/uploads\/2023\/06\/Header_2.png?fit=480%2C99&ssl=1","width":480,"height":99,"caption":"David Purves - Cr\u00e9ateur de robe de mari\u00e9e sur mesure Paris"},"image":{"@id":"https:\/\/www.davidpurves.com\/en\/#\/schema\/logo\/image\/"},"sameAs":["https:\/\/www.facebook.com\/david.purves.524\/","https:\/\/www.instagram.com\/david_purves\/?hl=fr"]}]}},"jetpack_sharing_enabled":true,"_links":{"self":[{"href":"https:\/\/www.davidpurves.com\/en\/wp-json\/wp\/v2\/pages\/4482","targetHints":{"allow":["GET"]}}],"collection":[{"href":"https:\/\/www.davidpurves.com\/en\/wp-json\/wp\/v2\/pages"}],"about":[{"href":"https:\/\/www.davidpurves.com\/en\/wp-json\/wp\/v2\/types\/page"}],"author":[{"embeddable":true,"href":"https:\/\/www.davidpurves.com\/en\/wp-json\/wp\/v2\/users\/2"}],"replies":[{"embeddable":true,"href":"https:\/\/www.davidpurves.com\/en\/wp-json\/wp\/v2\/comments?post=4482"}],"version-history":[{"count":7,"href":"https:\/\/www.davidpurves.com\/en\/wp-json\/wp\/v2\/pages\/4482\/revisions"}],"predecessor-version":[{"id":8508,"href":"https:\/\/www.davidpurves.com\/en\/wp-json\/wp\/v2\/pages\/4482\/revisions\/8508"}],"up":[{"embeddable":true,"href":"https:\/\/www.davidpurves.com\/en\/wp-json\/wp\/v2\/pages\/4452"}],"wp:featuredmedia":[{"embeddable":true,"href":"https:\/\/www.davidpurves.com\/en\/wp-json\/wp\/v2\/media\/2063"}],"wp:attachment":[{"href":"https:\/\/www.davidpurves.com\/en\/wp-json\/wp\/v2\/media?parent=4482"}],"curies":[{"name":"wp","href":"https:\/\/api.w.org\/{rel}","templated":true}]}}